{"id":44,"date":"2016-02-21T23:08:50","date_gmt":"2016-02-21T22:08:50","guid":{"rendered":"http:\/\/www.missionlocale-si.com\/?page_id=44"},"modified":"2026-04-09T09:40:26","modified_gmt":"2026-04-09T08:40:26","slug":"mission-locale","status":"publish","type":"page","link":"https:\/\/www.missionlocale-si.com\/index.php\/mission-locale\/","title":{"rendered":"La Mission Locale"},"content":{"rendered":"<p>[et_pb_section fb_built=\u00a0\u00bb1&Prime; custom_padding_last_edited=\u00a0\u00bbon|desktop\u00a0\u00bb admin_label=\u00a0\u00bbsection\u00a0\u00bb _builder_version=\u00a0\u00bb4.16&Prime; background_color=\u00a0\u00bb#f4f2f2&Prime; custom_padding_tablet=\u00a0\u00bb50px|0|50px|0&Prime; custom_padding_phone=\u00a0\u00bb\u00a0\u00bb transparent_background=\u00a0\u00bboff\u00a0\u00bb padding_mobile=\u00a0\u00bboff\u00a0\u00bb global_colors_info=\u00a0\u00bb{}\u00a0\u00bb][et_pb_row column_structure=\u00a0\u00bb2_3,1_3&Prime; admin_label=\u00a0\u00bbLigne\u00a0\u00bb _builder_version=\u00a0\u00bb4.16&Prime; background_size=\u00a0\u00bbinitial\u00a0\u00bb background_position=\u00a0\u00bbtop_left\u00a0\u00bb background_repeat=\u00a0\u00bbrepeat\u00a0\u00bb global_colors_info=\u00a0\u00bb{}\u00a0\u00bb][et_pb_column type=\u00a0\u00bb2_3&Prime; _builder_version=\u00a0\u00bb4.16&Prime; custom_padding=\u00a0\u00bb|||\u00a0\u00bb global_colors_info=\u00a0\u00bb{}\u00a0\u00bb custom_padding__hover=\u00a0\u00bb|||\u00a0\u00bb][et_pb_text admin_label=\u00a0\u00bbLa mission Locale, qu\u2019est-\u00adce que c\u2019est ?\u00a0\u00bb _builder_version=\u00a0\u00bb4.27.5&Prime; header_font=\u00a0\u00bbAcme|700|||||||\u00a0\u00bb background_size=\u00a0\u00bbinitial\u00a0\u00bb background_position=\u00a0\u00bbtop_left\u00a0\u00bb background_repeat=\u00a0\u00bbrepeat\u00a0\u00bb use_border_color=\u00a0\u00bboff\u00a0\u00bb border_color=\u00a0\u00bb#ffffff\u00a0\u00bb border_style=\u00a0\u00bbsolid\u00a0\u00bb global_colors_info=\u00a0\u00bb{}\u00a0\u00bb]<\/p>\n<h1 style=\"text-align: center;\"><span style=\"color: #d40150;\">LA MISSION LOCALE, QU\u2019EST-\u00adCE QUE C\u2019EST ?<\/span><\/h1>\n<p>[\/et_pb_text][et_pb_text admin_label=\u00a0\u00bbUne \u00e9quipe de sp\u00e9cialistes&#8230;\u00a0\u00bb _builder_version=\u00a0\u00bb4.27.4&Prime; background_size=\u00a0\u00bbinitial\u00a0\u00bb background_position=\u00a0\u00bbtop_left\u00a0\u00bb background_repeat=\u00a0\u00bbrepeat\u00a0\u00bb use_border_color=\u00a0\u00bboff\u00a0\u00bb border_color=\u00a0\u00bb#ffffff\u00a0\u00bb border_style=\u00a0\u00bbsolid\u00a0\u00bb global_colors_info=\u00a0\u00bb{}\u00a0\u00bb]<\/p>\n<p>Une \u00e9quipe de sp\u00e9cialistes pour <strong>accompagner les jeunes entre 16 et 25 ans<\/strong> \u00e0 trouver leur voie vers l\u2019emploi.<\/p>\n<p><strong>3 \u00e9quipes<\/strong> compos\u00e9es de conseill\u00e8res et conseillers en insertion sociale et professionnelle, des charg\u00e9es d\u2019accueil<strong>, <\/strong>et des charg\u00e9es et charg\u00e9s de projet sur 3 th\u00e9matiques (Emploi et Insertion, Formation et Alternance, Sant\u00e9 Vi\u00e9 Sociale, Justice et Droits des \u00e9trangers) qui <strong>tous ensemblent assurent l\u2019accompagnement<\/strong> des jeunes au quotidien.<\/p>\n<p><strong>La Mission Locale Sud Is\u00e8re<\/strong> est compos\u00e9e de salari\u00e9s venant d\u2019univers professionnels tr\u00e8s vari\u00e9s, ce qui constitue une richesse dans l\u2019accompagnement des jeunes. En effet, les <strong>\u00e9quipes de conseillers<\/strong> sont compos\u00e9s de <strong>professionnels de l\u2019emploi<\/strong> issus de l\u2019int\u00e9rim, du monde de l\u2019entreprise, de la formation, mais aussi de psychologues du travail\u2026<\/p>\n<p>[\/et_pb_text][et_pb_text admin_label=\u00a0\u00bbUn territoire d\u2019action bien d\u00e9limit\u00e9\u00a0\u00bb _builder_version=\u00a0\u00bb4.16&Prime; background_size=\u00a0\u00bbinitial\u00a0\u00bb background_position=\u00a0\u00bbtop_left\u00a0\u00bb background_repeat=\u00a0\u00bbrepeat\u00a0\u00bb use_border_color=\u00a0\u00bboff\u00a0\u00bb border_color=\u00a0\u00bb#ffffff\u00a0\u00bb border_style=\u00a0\u00bbsolid\u00a0\u00bb global_colors_info=\u00a0\u00bb{}\u00a0\u00bb]<\/p>\n<p><strong>Un territoire d\u2019action bien d\u00e9limit\u00e9 <\/strong>: La Mission Locale Sud Is\u00e8re s\u2019\u00e9tend sur <strong>12 communes<\/strong> et <strong>4 cantons <\/strong>dans le sud de l\u2019agglom\u00e9ration grenobloise. Elle a \u00e9t\u00e9 cr\u00e9\u00e9e en 1995 \u00e0 l\u2019initiative des \u00e9lus locaux avec le soutien des pouvoirs publics.<\/p>\n<p><strong>Nos 12 communes couvertes par la Mission Locale Sud Is\u00e8re <\/strong>: Bresson, Claix, \u00c9chirolles, Eybens, Gi\u00e8res, Herbeys, Le Gua, Poisat, Pont-de -Claix, Saint-Paul-de-Varces, Varces et Vif.<\/p>\n<p><strong>Un territoire urbain et p\u00e9riurbain,<\/strong>\u00a0\u201cPour une forte couverture territoriale\u201d.<\/p>\n<p>[\/et_pb_text][et_pb_text admin_label=\u00a0\u00bb3 antennes\u00a0\u00bb _builder_version=\u00a0\u00bb4.27.4&Prime; background_size=\u00a0\u00bbinitial\u00a0\u00bb background_position=\u00a0\u00bbtop_left\u00a0\u00bb background_repeat=\u00a0\u00bbrepeat\u00a0\u00bb use_border_color=\u00a0\u00bboff\u00a0\u00bb border_color=\u00a0\u00bb#ffffff\u00a0\u00bb border_style=\u00a0\u00bbsolid\u00a0\u00bb global_colors_info=\u00a0\u00bb{}\u00a0\u00bb]<\/p>\n<p>La structure est compos\u00e9e de <strong>trois antennes<\/strong> : \u00c9<strong>chirolles, <\/strong><strong>Pont de Claix <\/strong>et <strong>Eybens.<\/strong><\/p>\n<p>L\u2019accueil du public se fait sur chacun des trois sites, mais aussi au sein des <strong>3<\/strong><strong>\u00a0permanences <\/strong>d\u00e9centralis\u00e9es : <strong>Gi\u00e8res<\/strong>, <strong>Varces <\/strong>et <strong>Vif<br \/><\/strong><\/p>\n<p>[\/et_pb_text][et_pb_text admin_label=\u00a0\u00bbNous vous invitons \u00e0 consulter&#8230;\u00a0\u00bb _builder_version=\u00a0\u00bb4.27.4&Prime; background_size=\u00a0\u00bbinitial\u00a0\u00bb background_position=\u00a0\u00bbtop_left\u00a0\u00bb background_repeat=\u00a0\u00bbrepeat\u00a0\u00bb custom_css_main_element=\u00a0\u00bbborder-radius:10px;\u00a0\u00bb use_border_color=\u00a0\u00bboff\u00a0\u00bb border_color=\u00a0\u00bb#e8e8e8&Prime; border_style=\u00a0\u00bbsolid\u00a0\u00bb global_colors_info=\u00a0\u00bb{}\u00a0\u00bb]<\/p>\n<p style=\"text-align: center;\">&gt;&gt; Nous vous invitons \u00e0 consulter notre page <a href=\"https:\/\/www.missionlocale-si.com\/index.php\/nos-antennes\/\" target=\"_blank\" rel=\"noopener noreferrer\">Nos Antennes<\/a>\u00a0pour toutes informations concernant nos agences ainsi que leurs\u00a0coordonn\u00e9es et horaires. &lt;&lt;<\/p>\n<p>[\/et_pb_text][et_pb_testimonial author=\u00a0\u00bbBruce Malleval\u00a0\u00bb job_title=\u00a0\u00bbDirecteur de la Mission Locale Sud Is\u00e8re\u00a0\u00bb admin_label=\u00a0\u00bbcitation\u00a0\u00bb _builder_version=\u00a0\u00bb4.27.5&Prime; body_font_size=\u00a0\u00bb12&Prime; background_color=\u00a0\u00bb#fcfcfc\u00a0\u00bb background_size=\u00a0\u00bbinitial\u00a0\u00bb background_position=\u00a0\u00bbtop_left\u00a0\u00bb background_repeat=\u00a0\u00bbrepeat\u00a0\u00bb custom_css_main_element=\u00a0\u00bbborder-radius:10px;\u00a0\u00bb box_shadow_style=\u00a0\u00bbpreset4&Prime; use_border_color=\u00a0\u00bboff\u00a0\u00bb border_color=\u00a0\u00bb#ffffff\u00a0\u00bb border_style=\u00a0\u00bbsolid\u00a0\u00bb global_colors_info=\u00a0\u00bb{}\u00a0\u00bb]<\/p>\n<p><em>Le pilotage de la Mission Locale Sud Is\u00e8re est dict\u00e9 constamment par cette volont\u00e9 d&rsquo;apporter un m\u00eame niveau de service \u00e0 l&rsquo;ensemble des jeunes du territoire.<\/em><\/p>\n<p>[\/et_pb_testimonial][\/et_pb_column][et_pb_column type=\u00a0\u00bb1_3&Prime; _builder_version=\u00a0\u00bb4.16&Prime; custom_padding=\u00a0\u00bb|||\u00a0\u00bb global_colors_info=\u00a0\u00bb{}\u00a0\u00bb custom_padding__hover=\u00a0\u00bb|||\u00a0\u00bb][et_pb_text admin_label=\u00a0\u00bbCarte Echirolles\u00a0\u00bb _builder_version=\u00a0\u00bb4.27.4&Prime; _module_preset=\u00a0\u00bbdefault\u00a0\u00bb header_font=\u00a0\u00bbAcme||||||||\u00a0\u00bb header_2_font=\u00a0\u00bbAcme||||||||\u00a0\u00bb header_3_font=\u00a0\u00bbAcme||||||||\u00a0\u00bb header_4_font=\u00a0\u00bbAcme|700|||||||\u00a0\u00bb global_colors_info=\u00a0\u00bb{}\u00a0\u00bb]<\/p>\n<h4>Mission Locale d&rsquo;\u00c9chirolles<\/h4>\n<p><iframe loading=\"lazy\" style=\"border: 0;\" src=\"https:\/\/www.google.com\/maps\/embed?pb=!1m18!1m12!1m3!1d11255.508296376333!2d5.713920316969933!3d45.149086445997106!2m3!1f0!2f0!3f0!3m2!1i1024!2i768!4f13.1!3m3!1m2!1s0x478a8b48c6446af3%3A0x567fee49a4f6df99!2sMission%20Locale%20Sud%20Is%C3%A8re%20Site%20Echirolles!5e0!3m2!1sfr!2sfr!4v1603020111023!5m2!1sfr!2sfr\" allowfullscreen=\"allowfullscreen\" aria-hidden=\"false\" width=\"400\" height=\"200\" frameborder=\"0\" tabindex=\"0\"><\/iframe><\/p>\n<p>[\/et_pb_text][et_pb_text admin_label=\u00a0\u00bbCarte Eybens\u00a0\u00bb _builder_version=\u00a0\u00bb4.27.4&Prime; _module_preset=\u00a0\u00bbdefault\u00a0\u00bb header_4_font=\u00a0\u00bbAcme|700|||||||\u00a0\u00bb global_colors_info=\u00a0\u00bb{}\u00a0\u00bb]<\/p>\n<h4>Mission Locale d&rsquo;Eybens<\/h4>\n<p><iframe loading=\"lazy\" src=\"https:\/\/www.google.com\/maps\/embed?pb=!1m18!1m12!1m3!1d11255.1377361371!2d5.725850782668176!3d45.15096294847314!2m3!1f0!2f0!3f0!3m2!1i1024!2i768!4f13.1!3m3!1m2!1s0x0%3A0x512656b40c68012a!2sMission%20locale%20Sud%20Is%C3%A8re%20Site%20d'Eybens!5e0!3m2!1sfr!2sfr!4v1603020187061!5m2!1sfr!2sfr\" width=\"400\" height=\"200\" frameborder=\"0\" style=\"border: 0;\" allowfullscreen=\"\" aria-hidden=\"false\" tabindex=\"0\"><\/iframe><\/p>\n<p>[\/et_pb_text][et_pb_text admin_label=\u00a0\u00bbCarte Pont de Claix\u00a0\u00bb _builder_version=\u00a0\u00bb4.27.4&Prime; _module_preset=\u00a0\u00bbdefault\u00a0\u00bb header_4_font=\u00a0\u00bbAcme|700|||||||\u00a0\u00bb global_colors_info=\u00a0\u00bb{}\u00a0\u00bb]<\/p>\n<h4>Mission Locale Le Pont de Claix<\/h4>\n<p><iframe loading=\"lazy\" src=\"https:\/\/www.google.com\/maps\/embed?pb=!1m18!1m12!1m3!1d45041.52985919267!2d5.662947893142708!3d45.124398154592434!2m3!1f0!2f0!3f0!3m2!1i1024!2i768!4f13.1!3m3!1m2!1s0x0%3A0x7ba90be95d706458!2sMission%20locale%20Sud%20Is%C3%A8re%20Site%20Le%20Pont%20de%20Claix!5e0!3m2!1sfr!2sfr!4v1603020253584!5m2!1sfr!2sfr\" width=\"400\" height=\"200\" frameborder=\"0\" style=\"border: 0;\" allowfullscreen=\"\" aria-hidden=\"false\" tabindex=\"0\"><\/iframe><\/p>\n<p>[\/et_pb_text][et_pb_divider show_divider=\u00a0\u00bboff\u00a0\u00bb disabled_on=\u00a0\u00bbon|on|off\u00a0\u00bb admin_label=\u00a0\u00bbS\u00e9parateur\u00a0\u00bb _builder_version=\u00a0\u00bb4.16&Prime; height=\u00a0\u00bb3px\u00a0\u00bb hide_on_mobile=\u00a0\u00bbon\u00a0\u00bb global_colors_info=\u00a0\u00bb{}\u00a0\u00bb] [\/et_pb_divider][\/et_pb_column][\/et_pb_row][et_pb_row admin_label=\u00a0\u00bbLigne\u00a0\u00bb _builder_version=\u00a0\u00bb4.16&Prime; background_size=\u00a0\u00bbinitial\u00a0\u00bb background_position=\u00a0\u00bbtop_left\u00a0\u00bb background_repeat=\u00a0\u00bbrepeat\u00a0\u00bb global_colors_info=\u00a0\u00bb{}\u00a0\u00bb][et_pb_column type=\u00a0\u00bb4_4&Prime; _builder_version=\u00a0\u00bb4.16&Prime; custom_padding=\u00a0\u00bb|||\u00a0\u00bb global_colors_info=\u00a0\u00bb{}\u00a0\u00bb custom_padding__hover=\u00a0\u00bb|||\u00a0\u00bb][et_pb_toggle title=\u00a0\u00bbNotre \u00e9quipe\u00a0\u00bb admin_label=\u00a0\u00bbNos \u00e9quipes\u00a0\u00bb _builder_version=\u00a0\u00bb4.27.5&Prime; title_font=\u00a0\u00bbAcme|700|||||||\u00a0\u00bb background_size=\u00a0\u00bbinitial\u00a0\u00bb background_position=\u00a0\u00bbtop_left\u00a0\u00bb background_repeat=\u00a0\u00bbrepeat\u00a0\u00bb custom_css_main_element=\u00a0\u00bbborder-radius:10px;\u00a0\u00bb box_shadow_style=\u00a0\u00bbpreset4&Prime; use_border_color=\u00a0\u00bboff\u00a0\u00bb border_color=\u00a0\u00bb#ffffff\u00a0\u00bb border_style=\u00a0\u00bbsolid\u00a0\u00bb global_colors_info=\u00a0\u00bb{}\u00a0\u00bb]<\/p>\n<p>La Mission Locale Sud Is\u00e8re, c&rsquo;est une \u00e9quipe de 29 personnes sur trois sites distincts.<\/p>\n<p><strong>L<\/strong><strong>\u2019\u00e9quipe de Direction de la Mission Locale Sud Is\u00e8re assurent l\u2019administration g\u00e9n\u00e9rale et le pilotage des \u00e9quipes:<\/strong><\/p>\n<p><strong>\u2666<\/strong> <strong>\u00a0Directeur de la Mission Locale Sud Is\u00e8re : Bruce Malleval<\/strong><\/p>\n<p>\u2666 \u00a0Responsable de l&rsquo;Unit\u00e9 Partenariale : Rabah Fekih<\/p>\n<p>\u2666 \u00a0Responsable de l&rsquo;Unit\u00e9 Op\u00e9rationelle et des trois sites de la MLSI\u00a0 : Linda Benkaddour<\/p>\n<p>\u2666 \u00a0Responsable de l&rsquo;Unit\u00e9 Ingenierie : Madjid Sahli<\/p>\n<p>[\/et_pb_toggle][et_pb_image src=\u00a0\u00bbhttps:\/\/www.missionlocale-si.com\/wp-content\/uploads\/2025\/02\/Organigramme-simplifie-Wordpress.png\u00a0\u00bb title_text=\u00a0\u00bbOrganigramme simplifi\u00e9 MLSI\u00a0\u00bb align=\u00a0\u00bbcenter\u00a0\u00bb _builder_version=\u00a0\u00bb4.27.6&Prime; _module_preset=\u00a0\u00bbdefault\u00a0\u00bb width=\u00a0\u00bb80%\u00a0\u00bb global_colors_info=\u00a0\u00bb{}\u00a0\u00bb][\/et_pb_image][et_pb_image src=\u00a0\u00bbhttps:\/\/www.missionlocale-si.com\/wp-content\/uploads\/2026\/04\/Missions-Unites-MLSI.png\u00a0\u00bb title_text=\u00a0\u00bbMissions Unit\u00e9s MLSI\u00a0\u00bb align=\u00a0\u00bbcenter\u00a0\u00bb _builder_version=\u00a0\u00bb4.27.6&Prime; _module_preset=\u00a0\u00bbdefault\u00a0\u00bb width=\u00a0\u00bb80%\u00a0\u00bb global_colors_info=\u00a0\u00bb{}\u00a0\u00bb][\/et_pb_image][et_pb_toggle title=\u00a0\u00bbNos \u00e9lus\u00a0\u00bb admin_label=\u00a0\u00bbNos \u00e9lus\u00a0\u00bb _builder_version=\u00a0\u00bb4.27.5&Prime; title_font=\u00a0\u00bbAcme|700|||||||\u00a0\u00bb background_size=\u00a0\u00bbinitial\u00a0\u00bb background_position=\u00a0\u00bbtop_left\u00a0\u00bb background_repeat=\u00a0\u00bbrepeat\u00a0\u00bb custom_css_main_element=\u00a0\u00bbborder-radius:10px;\u00a0\u00bb box_shadow_style=\u00a0\u00bbpreset4&Prime; use_border_color=\u00a0\u00bboff\u00a0\u00bb border_color=\u00a0\u00bb#ffffff\u00a0\u00bb border_style=\u00a0\u00bbsolid\u00a0\u00bb global_colors_info=\u00a0\u00bb{}\u00a0\u00bb]<\/p>\n<p>La Mission Locale Sud Is\u00e8re est une association pr\u00e9sid\u00e9e par un \u00e9lu local. Son Conseil d\u2019Administration est compos\u00e9 de repr\u00e9sentants des collectivit\u00e9s locales et territoriales, des services de l\u2019\u00c9tat, et, des acteurs \u00e9conomiques et sociaux du territoire.<\/p>\n<p>&nbsp;<\/p>\n<h5><strong>Composition du Bureau :<\/strong><\/h5>\n<p><strong>Pr\u00e9sidente : Fatima Benyelloul<br \/><\/strong><\/p>\n<p>Vice-pr\u00e9sidente : Marie Rueda<\/p>\n<p>Vice-pr\u00e9sidente : Dominique Scheiblin<\/p>\n<p>Tr\u00e9sori\u00e8re : Dani\u00e8le Robin<\/p>\n<p>Secr\u00e9taire : Gwena<span>\u00eb<\/span>lle Guers<\/p>\n<p>Membres : David Alonso, Genevi\u00e8ve Berlire, Josette Casse, Bernard Cruz, Dorisse Delepine, Maxime Favier, R\u00e9gine Martinet et Dolores Rodriguez.<\/p>\n<p>&nbsp;<\/p>\n<h5><strong>Composition du Conseil d\u2019Administration<\/strong><\/h5>\n<p>Membres du Conseil d&rsquo;Administration Mission Locale Sud Is\u00e8re 2024 &#8211; 2026<\/p>\n<table style=\"width: 100%; border-collapse: collapse;\" border=\"0\">\n<tbody>\n<tr>\n<td style=\"text-align: center; width: 100%; background-color: #2578a3;\" colspan=\"5\"><span style=\"color: #ffffff;\"><strong>Coll\u00e8ge des collectivit\u00e9s territoriales r\u00e9gionales et d\u00e9partementales<\/strong><\/span><\/td>\n<\/tr>\n<tr>\n<td style=\"width: 20%;\">Logo<\/td>\n<td style=\"width: 20%;\">Titre<\/td>\n<td style=\"width: 20%;\">Civilit\u00e9<\/td>\n<td style=\"width: 20%;\">NOM<\/td>\n<td style=\"width: 20%;\">Pr\u00e9nom<\/td>\n<\/tr>\n<\/tbody>\n<\/table>\n<p>&nbsp;<\/p>\n<table style=\"width: 100%; border-collapse: collapse; height: 246px;\" border=\"0\">\n<tbody>\n<tr style=\"height: 24px;\">\n<td style=\"width: 20%; text-align: center; background-color: #8fb4d4; height: 24px;\" colspan=\"5\"><span style=\"color: #ffffff;\"><strong>\u00c9lus du site d&rsquo;\u00c9chirolles<\/strong><\/span><\/td>\n<\/tr>\n<tr style=\"height: 54px;\">\n<td style=\"width: 20%; height: 54px;\"><img loading=\"lazy\" decoding=\"async\" class=\"wp-image-3777  aligncenter\" src=\"https:\/\/www.missionlocale-si.com\/wp-content\/uploads\/2022\/07\/Ville-dEchirolles-300x61.png\" alt=\"\" width=\"270\" height=\"55\" \/><\/td>\n<td style=\"width: 20%; height: 54px;\">\u00c9lu<\/td>\n<td style=\"width: 20%; height: 54px;\">Monsieur<\/td>\n<td style=\"width: 20%; height: 54px;\">FAVIER<\/td>\n<td style=\"width: 20%; height: 54px;\">Maxime<\/td>\n<\/tr>\n<tr style=\"height: 56px;\">\n<td style=\"width: 20%; height: 56px;\"><img loading=\"lazy\" decoding=\"async\" class=\"wp-image-3777  aligncenter\" src=\"https:\/\/www.missionlocale-si.com\/wp-content\/uploads\/2022\/07\/Ville-dEchirolles-300x61.png\" alt=\"\" width=\"280\" height=\"57\" \/><\/td>\n<td style=\"width: 20%; height: 56px;\">\u00c9lu<\/td>\n<td style=\"width: 20%; height: 56px;\">Monsieur<\/td>\n<td style=\"width: 20%; height: 56px;\">QEZBOUR<\/td>\n<td style=\"width: 20%; height: 56px;\">Sa<span>\u00ef<\/span>d<\/td>\n<\/tr>\n<tr style=\"height: 56px;\">\n<td style=\"width: 20%; height: 56px;\"><img loading=\"lazy\" decoding=\"async\" class=\"wp-image-3777  aligncenter\" src=\"https:\/\/www.missionlocale-si.com\/wp-content\/uploads\/2022\/07\/Ville-dEchirolles-300x61.png\" alt=\"\" width=\"280\" height=\"57\" \/><\/td>\n<td style=\"width: 20%; height: 56px;\">\u00c9lue<\/td>\n<td style=\"width: 20%; height: 56px;\">Madame<\/td>\n<td style=\"width: 20%; height: 56px;\">RUEDA<\/td>\n<td style=\"width: 20%; height: 56px;\">Marie<\/td>\n<\/tr>\n<tr style=\"height: 56px;\">\n<td style=\"width: 20%; height: 56px;\"><img loading=\"lazy\" decoding=\"async\" class=\"wp-image-3777  aligncenter\" src=\"https:\/\/www.missionlocale-si.com\/wp-content\/uploads\/2022\/07\/Ville-dEchirolles-300x61.png\" alt=\"\" width=\"280\" height=\"57\" \/><\/td>\n<td style=\"width: 20%; height: 56px;\">\u00c9lue<\/td>\n<td style=\"width: 20%; height: 56px;\">Madame<\/td>\n<td style=\"width: 20%; height: 56px;\">ROBIN<\/td>\n<td style=\"width: 20%; height: 56px;\">Dani\u00e8le<\/td>\n<\/tr>\n<\/tbody>\n<\/table>\n<p>&nbsp;<\/p>\n<table style=\"width: 100%; border-collapse: collapse; height: 532px;\" border=\"0\">\n<tbody>\n<tr style=\"height: 23px;\">\n<td style=\"width: 99.9367%; text-align: center; background-color: #8fb4d4; height: 23px;\" colspan=\"5\"><span style=\"color: #ffffff;\"><strong>\u00c9lus du site de Pont-de-Claix<\/strong><\/span><\/td>\n<\/tr>\n<tr style=\"height: 123px;\">\n<td style=\"width: 19.9873%; height: 123px;\"><img loading=\"lazy\" decoding=\"async\" class=\"size-full wp-image-1499 aligncenter\" src=\"https:\/\/www.missionlocale-si.com\/wp-content\/uploads\/2016\/09\/LogoVarces.jpg\" alt=\"logovarces\" width=\"100\" height=\"100\" \/><\/td>\n<td style=\"width: 19.9873%; height: 123px;\">\u00c9lu<\/td>\n<td style=\"width: 19.9873%; height: 123px;\">Monsieur<\/td>\n<td style=\"width: 19.9873%; height: 123px;\">SALIM<\/td>\n<td style=\"width: 19.9873%; height: 123px;\">Rarib<\/td>\n<\/tr>\n<tr style=\"height: 164px;\">\n<td style=\"width: 19.9873%; height: 164px;\"><img loading=\"lazy\" decoding=\"async\" class=\"wp-image-3779  aligncenter\" src=\"https:\/\/www.missionlocale-si.com\/wp-content\/uploads\/2022\/07\/Logo-Claix-2022-1-300x173.jpg\" alt=\"\" width=\"244\" height=\"131\" \/><\/td>\n<td style=\"width: 19.9873%; height: 164px;\">\u00c9lue<\/td>\n<td style=\"width: 19.9873%; height: 164px;\">Madame<\/td>\n<td style=\"width: 19.9873%; height: 164px;\">BRUN<\/td>\n<td style=\"width: 19.9873%; height: 164px;\">Martine<\/td>\n<\/tr>\n<tr style=\"height: 134px;\">\n<td style=\"width: 19.9873%; height: 134px;\"><img decoding=\"async\" src=\"https:\/\/www.legua-mairie.fr\/wp-content\/uploads\/2015\/12\/logo.png\" class=\"sFlh5c FyHeAf iPVvYb\" style=\"max-width: 250px; width: 143px; height: 66px; margin: 38px 0px;\" alt=\"Mairie le Gua \u2013 Is\u00e8re 38 \u2013 Bienvenue sur le site de la Mairie le Gua\" \/><\/td>\n<td style=\"width: 19.9873%; height: 134px;\">\u00c9lue<\/td>\n<td style=\"width: 19.9873%; height: 134px;\">Madame<\/td>\n<td style=\"width: 19.9873%; height: 134px;\">REVOL<\/td>\n<td style=\"width: 19.9873%; height: 134px;\">Estelle<\/td>\n<\/tr>\n<tr style=\"height: 88px;\">\n<td style=\"width: 19.9873%; height: 88px;\"><img loading=\"lazy\" decoding=\"async\" class=\"size-full wp-image-1496 aligncenter\" src=\"https:\/\/www.missionlocale-si.com\/wp-content\/uploads\/2016\/09\/logoPontdeClaix.png\" alt=\"logopontdeclaix\" width=\"146\" height=\"41\" \/><\/td>\n<td style=\"width: 19.9873%; height: 88px;\">\u00c9lue<\/td>\n<td style=\"width: 19.9873%; height: 88px;\">Madame<\/td>\n<td style=\"width: 19.9873%; height: 88px;\">BENYELLOUL<\/td>\n<td style=\"width: 19.9873%; height: 88px;\">Fatima<\/td>\n<\/tr>\n<\/tbody>\n<\/table>\n<p>&nbsp;<\/p>\n<table style=\"width: 100%; border-collapse: collapse;\" border=\"0\">\n<tbody>\n<tr>\n<td style=\"width: 20%; text-align: center; background-color: #8fb4d4;\" colspan=\"5\"><span style=\"color: #ffffff;\"><strong>\u00c9lus du site d&rsquo;Eybens<\/strong><\/span><\/td>\n<\/tr>\n<tr>\n<td style=\"width: 20%;\"><img decoding=\"async\" src=\"https:\/\/www.eybens.fr\/cms_viewFile.php?idtf=13955&amp;path=COUL-A-LOGO-VILLE-D-EYBENS.png\" class=\"sFlh5c FyHeAf iPVvYb\" style=\"max-width: 2500px; width: 128px; height: 128px; margin: 0px;\" alt=\"Logo Eybens 2023 - Site de la ville d'Eybens\" \/><\/td>\n<td style=\"width: 20%;\">\u00c9lue<\/td>\n<td style=\"width: 20%;\">Madame<\/td>\n<td style=\"width: 20%;\">SCHEIBLIN<\/td>\n<td style=\"width: 20%;\">Dominique<\/td>\n<\/tr>\n<tr>\n<td style=\"width: 20%;\"><img decoding=\"async\" src=\"https:\/\/grenier.gieres.fr\/orange_sansfond.png\" class=\"sFlh5c FyHeAf iPVvYb\" style=\"max-width: 800px; width: 112px; height: 121px; margin: 0px;\" alt=\"Commune de Gi\u00e8res\" \/><\/td>\n<td style=\"width: 20%;\">\u00c9lue<\/td>\n<td style=\"width: 20%;\">Madame<\/td>\n<td style=\"width: 20%;\">BILLIOUD<\/td>\n<td style=\"width: 20%;\">Naziha<\/td>\n<\/tr>\n<tr>\n<td style=\"width: 20%;\"><img loading=\"lazy\" decoding=\"async\" class=\"wp-image-3780  aligncenter\" src=\"https:\/\/www.missionlocale-si.com\/wp-content\/uploads\/2022\/07\/Logo-Poisat-2022-300x300.png\" alt=\"\" width=\"133\" height=\"137\" \/><\/td>\n<td style=\"width: 20%;\">\u00c9lue<\/td>\n<td style=\"width: 20%;\">Madame<\/td>\n<td style=\"width: 20%;\">GUERS<\/td>\n<td style=\"width: 20%;\">Gwena\u00eblle<\/td>\n<\/tr>\n<tr>\n<td style=\"width: 20%;\"><img loading=\"lazy\" decoding=\"async\" class=\"size-full wp-image-1493 aligncenter\" src=\"https:\/\/www.missionlocale-si.com\/wp-content\/uploads\/2016\/09\/logoHerbeys.png\" alt=\"logoherbeys\" width=\"144\" height=\"81\" \/><\/td>\n<td style=\"width: 20%;\">\u00c9lue<\/td>\n<td style=\"width: 20%;\">Madame<\/td>\n<td style=\"width: 20%;\">DELEPINE<\/td>\n<td style=\"width: 20%;\">Dorisse<\/td>\n<\/tr>\n<\/tbody>\n<\/table>\n<p>&nbsp;<\/p>\n<table style=\"width: 100%; border-collapse: collapse; height: 322px;\" border=\"0\">\n<tbody>\n<tr style=\"height: 23px;\">\n<td style=\"width: 100%; text-align: center; background-color: #8fb4d4; height: 23px;\" colspan=\"5\"><span style=\"color: #ffffff;\"><strong>Collectivit\u00e9s d\u00e9partementales et r\u00e9gionales<\/strong><\/span><\/td>\n<\/tr>\n<tr style=\"height: 127px;\">\n<td style=\"width: 20%; height: 127px;\"><a href=\"https:\/\/www.missionlocale-si.com\/wp-content\/uploads\/2022\/07\/Logo-Region.png\"><img loading=\"lazy\" decoding=\"async\" class=\"wp-image-3781  aligncenter\" src=\"https:\/\/www.missionlocale-si.com\/wp-content\/uploads\/2022\/07\/Logo-Region-300x150.png\" alt=\"\" width=\"160\" height=\"80\" \/><\/a><\/td>\n<td style=\"width: 20%; height: 127px;\">Conseil R\u00e9gional<\/td>\n<td style=\"width: 20%; height: 127px;\">Monsieur<\/td>\n<td style=\"width: 20%; height: 127px;\">BONNIER<\/td>\n<td style=\"width: 20%; height: 127px;\">\u00c9ric<\/td>\n<\/tr>\n<tr style=\"height: 90px;\">\n<td style=\"width: 20%; height: 90px;\"><a href=\"https:\/\/www.missionlocale-si.com\/wp-content\/uploads\/2022\/07\/Logo-Departement-Isere.png\"><img loading=\"lazy\" decoding=\"async\" class=\"wp-image-3782  aligncenter\" src=\"https:\/\/www.missionlocale-si.com\/wp-content\/uploads\/2022\/07\/Logo-Departement-Isere-300x129.png\" alt=\"\" width=\"153\" height=\"56\" \/><\/a><\/td>\n<td style=\"width: 20%; height: 90px;\">Conseil D\u00e9partemental<\/td>\n<td style=\"width: 20%; height: 90px;\">Madame<\/td>\n<td style=\"width: 20%; height: 90px;\">DOFFAGNE<\/td>\n<td style=\"width: 20%; height: 90px;\">Michel<\/td>\n<\/tr>\n<tr style=\"height: 82px;\">\n<td style=\"width: 20%; height: 82px;\"><img loading=\"lazy\" decoding=\"async\" class=\"aligncenter\" src=\"https:\/\/upload.wikimedia.org\/wikipedia\/fr\/thumb\/5\/58\/Logo_Grenoble_Alpes_M%C3%A9tropole.svg\/1200px-Logo_Grenoble_Alpes_M%C3%A9tropole.svg.png\" width=\"82\" height=\"82\" \/><\/td>\n<td style=\"width: 20%; height: 82px;\">Grenoble Alpes M\u00e9tropole<\/td>\n<td style=\"width: 20%; height: 82px;\">Madame<\/td>\n<td style=\"width: 20%; height: 82px;\">DESLATTES<\/td>\n<td style=\"width: 20%; height: 82px;\">C\u00e9line<\/td>\n<\/tr>\n<\/tbody>\n<\/table>\n<p>&nbsp;<\/p>\n<table style=\"width: 100%; border-collapse: collapse; height: 734px;\" border=\"0\">\n<tbody>\n<tr style=\"height: 24px;\">\n<td style=\"width: 20%; text-align: center; background-color: #76c056; height: 24px;\" colspan=\"5\"><span style=\"color: #ffffff;\"><strong>Coll\u00e8ge des Services de l&rsquo;\u00c9tat<\/strong><\/span><\/td>\n<\/tr>\n<tr style=\"height: 81px;\">\n<td style=\"width: 20%; height: 81px;\"><img decoding=\"async\" src=\"https:\/\/www.alternance-professionnelle.fr\/wp-content\/uploads\/2020\/09\/LOGO-AFPA-VERT-PNG.png\" class=\"sFlh5c FyHeAf iPVvYb\" style=\"max-width: 2480px; height: 75px; margin: 0px; width: 144px;\" alt=\"LOGO AFPA VERT PNG - Alternance Professionnelle\" \/><\/td>\n<td style=\"width: 20%; height: 81px;\">AFPA<\/td>\n<td style=\"width: 20%; height: 81px;\">Madame<\/td>\n<td style=\"width: 20%; height: 81px;\">ROUGIER<\/td>\n<td style=\"width: 20%; height: 81px;\">Margorie<\/td>\n<\/tr>\n<tr style=\"height: 96px;\">\n<td style=\"width: 20%; height: 96px;\"><img decoding=\"async\" src=\"https:\/\/travail-emploi.gouv.fr\/sites\/travail-emploi\/files\/styles\/w_1200\/public\/2024-05\/logo-france-travail_0.jpg.webp?itok=KLCpu2qp\" class=\"sFlh5c FyHeAf iPVvYb\" style=\"max-width: 800px; height: 90px; margin: 0px; width: 144px;\" alt=\"France Travail | Travail-emploi.gouv.fr | Minist\u00e8re du Travail, de la  Sant\u00e9, des Solidarit\u00e9s et des Familles\" \/><\/td>\n<td style=\"width: 20%; height: 96px;\">P\u00f4le Emploi<\/td>\n<td style=\"width: 20%; height: 96px;\">Madame<\/td>\n<td style=\"width: 20%; height: 96px;\">TURENNE<\/td>\n<td style=\"width: 20%; height: 96px;\">Florence<\/td>\n<\/tr>\n<tr style=\"height: 84px;\">\n<td style=\"width: 20%; height: 84px;\"><img decoding=\"async\" src=\"https:\/\/althea38.org\/wp-content\/uploads\/2022\/01\/logo-DDETS-2.jpg\" class=\"sFlh5c FyHeAf iPVvYb\" style=\"max-width: 350px; width: 144px; height: 129px; margin: 0px;\" alt=\"Accueil ALTHEA - Mission d'accompagnement et d'h\u00e9bergement en Is\u00e8re\" \/><\/td>\n<td style=\"width: 20%; height: 84px;\">DDETS 38<\/td>\n<td style=\"width: 20%; height: 84px;\">Madame<\/td>\n<td style=\"width: 20%; height: 84px;\">GAUTHERIN<\/td>\n<td style=\"width: 20%; height: 84px;\">Corinne<\/td>\n<\/tr>\n<tr style=\"height: 84px;\">\n<td style=\"width: 20%; height: 84px;\"><img decoding=\"async\" src=\"https:\/\/althea38.org\/wp-content\/uploads\/2022\/01\/logo-DDETS-2.jpg\" class=\"sFlh5c FyHeAf iPVvYb\" style=\"max-width: 350px; width: 148px; height: 134px; margin: 0px;\" alt=\"Accueil ALTHEA - Mission d'accompagnement et d'h\u00e9bergement en Is\u00e8re\" \/><\/td>\n<td style=\"width: 20%; height: 84px;\">DDETS 38<\/td>\n<td style=\"width: 20%; height: 84px;\">Madame<\/td>\n<td style=\"width: 20%; height: 84px;\">AZEMAR<\/td>\n<td style=\"width: 20%; height: 84px;\">Marie-Jos\u00e9e<\/td>\n<\/tr>\n<tr style=\"height: 135px;\">\n<td style=\"width: 20%; height: 135px;\"><img decoding=\"async\" src=\"https:\/\/cdn2.telephone.city\/webp\/200\/cio.png\" class=\"sFlh5c FyHeAf iPVvYb\" style=\"max-width: 200px; height: 129px; margin: 0px; width: 129px;\" alt=\"Centre D'information Et D'orientation (cio) De Grenoble - Olympique 38100,  t\u00e9l\u00e9phone et avis\" \/><\/td>\n<td style=\"width: 20%; height: 135px;\">Education Nationale<br \/>CIO Grenoble-Olympique<\/td>\n<td style=\"width: 20%; height: 135px;\">Madame<\/td>\n<td style=\"width: 20%; height: 135px;\">DE SAINT JEAN<\/td>\n<td style=\"width: 20%; height: 135px;\">Marion<\/td>\n<\/tr>\n<tr style=\"height: 97px;\">\n<td style=\"width: 20%; height: 97px;\"><img decoding=\"async\" src=\"https:\/\/greta-grenoble.fr\/sites\/default\/files\/logo_gdg.png\" class=\"sFlh5c FyHeAf iPVvYb\" style=\"max-width: 460px; height: 91px; margin: 0px; width: 209px;\" alt=\"Greta de Grenoble | Formez-vous \u00e0 demain\" \/><\/td>\n<td style=\"width: 20%; height: 97px;\">GRETA de Grenoble<\/td>\n<td style=\"width: 20%; height: 97px;\">Monsieur<\/td>\n<td style=\"width: 20%; height: 97px;\">ALONSO<\/td>\n<td style=\"width: 20%; height: 97px;\">David<\/td>\n<\/tr>\n<tr style=\"height: 109px;\">\n<td style=\"width: 20%; height: 109px;\"><img decoding=\"async\" src=\"https:\/\/iut2.univ-grenoble-alpes.fr\/uas\/iut2\/UGA_LOGO_ACCUEIL\/Logo_IUT2_horizontal_2020_CMJN-v02.svg\" class=\"sFlh5c FyHeAf iPVvYb\" style=\"max-width: 243px; height: 103px; margin: 0px; width: 131px;\" alt=\"IUT2 - Institut universitaire de technologie - Universit\u00e9 Grenoble Alpes\" \/><\/td>\n<td style=\"width: 20%; height: 109px;\">IUT2 de Grenoble<\/td>\n<td style=\"width: 20%; height: 109px;\">Monsieur<\/td>\n<td style=\"width: 20%; height: 109px;\">MARTIN<\/td>\n<td style=\"width: 20%; height: 109px;\">Philippe<\/td>\n<\/tr>\n<tr style=\"height: 24px;\">\n<td style=\"width: 20%; height: 24px;\"><img decoding=\"async\" src=\"https:\/\/www.missionlocale-si.com\/wp-content\/uploads\/2019\/11\/logo-MLSI_carre.jpg\" class=\"sFlh5c FyHeAf iPVvYb\" style=\"max-width: 462px; height: 99px; margin: 0px; width: 121px;\" alt=\"Mission Locale Sud-Is\u00e8re | Le 1er r\u00e9seau pour l'emploi des jeunes\" \/><\/td>\n<td style=\"width: 20%; height: 24px;\">STEMOI Grenoble PJJ<\/td>\n<td style=\"width: 20%; height: 24px;\">Monsieur<\/td>\n<td style=\"width: 20%; height: 24px;\">BASTIE<\/td>\n<td style=\"width: 20%; height: 24px;\">Gr\u00e9gory<\/td>\n<\/tr>\n<\/tbody>\n<\/table>\n<p>&nbsp;<\/p>\n<table style=\"width: 100%; border-collapse: collapse; height: 542px;\" border=\"0\">\n<tbody>\n<tr style=\"height: 23px;\">\n<td style=\"width: 1445px; text-align: center; background-color: #ee9f22; height: 23px;\" colspan=\"5\"><span style=\"color: #ffffff;\"><strong>Coll\u00e8ge des Partenaires Economiques et Sociaux<\/strong><\/span><\/td>\n<\/tr>\n<tr style=\"height: 91px;\">\n<td style=\"width: 289px; height: 91px;\"><img loading=\"lazy\" decoding=\"async\" class=\"size-full wp-image-1487 aligncenter\" src=\"https:\/\/www.missionlocale-si.com\/wp-content\/uploads\/2016\/09\/logoCci.png\" alt=\"logocci\" width=\"151\" height=\"68\" srcset=\"https:\/\/www.missionlocale-si.com\/wp-content\/uploads\/2016\/09\/logoCci.png 151w, https:\/\/www.missionlocale-si.com\/wp-content\/uploads\/2016\/09\/logoCci-150x68.png 150w\" sizes=\"(max-width: 151px) 100vw, 151px\" \/><\/td>\n<td style=\"width: 289px; height: 91px;\">CCI<\/td>\n<td style=\"width: 289px; height: 91px;\">Monsieur<\/td>\n<td style=\"width: 289.017px; height: 91px;\">VIRON<\/td>\n<td style=\"width: 288.983px; height: 91px;\">Thomas<\/td>\n<\/tr>\n<tr style=\"height: 23px;\">\n<td style=\"width: 289px; height: 23px;\"><img decoding=\"async\" src=\"https:\/\/encrypted-tbn0.gstatic.com\/images?q=tbn:ANd9GcRovlAWgaH6I4DVqzQPkUSb8DgIL56eE8bjxQ&amp;s\" class=\"sFlh5c FyHeAf\" alt=\"Apprentis d'Auteuil Rh\u00f4ne-Alpes | Ambition ESS\" style=\"max-width: 395px; width: 165px; height: 93px; margin: 0px;\" data-ilt=\"1738838595305\" \/><\/td>\n<td style=\"width: 289px; height: 23px;\">Apprentis Auteuil<\/td>\n<td style=\"width: 289px; height: 23px;\">Madame<\/td>\n<td style=\"width: 289.017px; height: 23px;\">PELISSIER<\/td>\n<td style=\"width: 288.983px; height: 23px;\">Marion<\/td>\n<\/tr>\n<tr style=\"height: 91px;\">\n<td style=\"width: 289px; height: 91px;\"><img loading=\"lazy\" decoding=\"async\" class=\"size-full wp-image-1486 aligncenter\" src=\"https:\/\/www.missionlocale-si.com\/wp-content\/uploads\/2016\/09\/logoCfeCgc.png\" alt=\"logocfecgc\" width=\"171\" height=\"68\" \/><\/td>\n<td style=\"width: 289px; height: 91px;\">CFE\/CGC<\/td>\n<td style=\"width: 289px; height: 91px;\">Monsieur<\/td>\n<td style=\"width: 289.017px; height: 91px;\">CRUZ<\/td>\n<td style=\"width: 288.983px; height: 91px;\">Bernard<\/td>\n<\/tr>\n<tr style=\"height: 125px;\">\n<td style=\"width: 289px; height: 125px;\"><img loading=\"lazy\" decoding=\"async\" src=\"https:\/\/www.missionlocale-si.com\/wp-content\/uploads\/2026\/02\/medef_logotype_print-1-300x108.jpg\" width=\"300\" height=\"108\" alt=\"\" class=\"wp-image-4488 alignnone size-medium\" \/><\/td>\n<td style=\"width: 289px; height: 125px;\">MEDEF<\/td>\n<td style=\"width: 289px; height: 125px;\">Madame<\/td>\n<td style=\"width: 289.017px; height: 125px;\">MORISSEAU<\/td>\n<td style=\"width: 288.983px; height: 125px;\">C\u00e9cile<\/td>\n<\/tr>\n<tr style=\"height: 23px;\">\n<td style=\"width: 289px; height: 23px;\"><img decoding=\"async\" src=\"https:\/\/encrypted-tbn0.gstatic.com\/images?q=tbn:ANd9GcQEZl-xY57kh33WbzdCduwMEY1BryrMyscaww&amp;s\" class=\"sFlh5c FyHeAf\" alt=\"Les Deux Ponts : manufacture d'histoires depuis 1935.\" style=\"max-width: 800px; width: 208px; height: 58px; margin: 0px;\" data-ilt=\"1738839672148\" \/><\/td>\n<td style=\"width: 289px; height: 23px;\">Manufacture des 2 Ponts<\/td>\n<td style=\"width: 289px; height: 23px;\">Madame<\/td>\n<td style=\"width: 289.017px; height: 23px;\">KEBBAL<\/td>\n<td style=\"width: 288.983px; height: 23px;\">C\u00e9cile<\/td>\n<\/tr>\n<tr style=\"height: 120px;\">\n<td style=\"width: 289px; height: 120px;\"><a href=\"https:\/\/www.missionlocale-si.com\/wp-content\/uploads\/2022\/07\/Go-Sport.png\"><\/a><img decoding=\"async\" src=\"https:\/\/www.missionlocale-si.com\/wp-content\/uploads\/2019\/11\/logo-MLSI_carre.jpg\" class=\"sFlh5c FyHeAf iPVvYb\" style=\"max-width: 462px; height: 94px; margin: 0px; width: 115px;\" alt=\"Mission Locale Sud-Is\u00e8re | Le 1er r\u00e9seau pour l'emploi des jeunes\" \/><\/td>\n<td style=\"width: 289px; height: 120px;\">CAP OPTIMUM VITALITE<\/td>\n<td style=\"width: 289px; height: 120px;\">Madame<\/td>\n<td style=\"width: 289.017px; height: 120px;\">EMIEUX<\/td>\n<td style=\"width: 288.983px; height: 120px;\">Stella<\/td>\n<\/tr>\n<tr style=\"height: 23px;\">\n<td style=\"width: 289px; height: 23px;\"><img loading=\"lazy\" decoding=\"async\" class=\"wp-image-3767  aligncenter\" src=\"https:\/\/www.missionlocale-si.com\/wp-content\/uploads\/2022\/07\/Logo-Vepres-300x156.jpg\" alt=\"\" width=\"167\" height=\"87\" srcset=\"https:\/\/www.missionlocale-si.com\/wp-content\/uploads\/2022\/07\/Logo-Vepres-300x156.jpg 300w, https:\/\/www.missionlocale-si.com\/wp-content\/uploads\/2022\/07\/Logo-Vepres.jpg 480w\" sizes=\"(max-width: 167px) 100vw, 167px\" \/><\/td>\n<td style=\"width: 289px; height: 23px;\">V\u00eapres<\/td>\n<td style=\"width: 289px; height: 23px;\">Madame<\/td>\n<td style=\"width: 289.017px; height: 23px;\">COTTET<\/td>\n<td style=\"width: 288.983px; height: 23px;\">Marl\u00e8ne<\/td>\n<\/tr>\n<\/tbody>\n<\/table>\n<p>&nbsp;<\/p>\n<table style=\"width: 100.069%; border-collapse: collapse; height: 490px;\" border=\"0\">\n<tbody>\n<tr style=\"height: 23px;\">\n<td style=\"width: 99.9365%; text-align: center; background-color: #be5cc7; height: 23px;\" colspan=\"5\"><span style=\"color: #ffffff;\"><strong>Coll\u00e8ge des Associations<\/strong><\/span><\/td>\n<\/tr>\n<tr style=\"height: 23px;\">\n<td style=\"width: 19.9873%; height: 23px;\"><\/td>\n<td style=\"width: 19.9873%; height: 23px;\"><\/td>\n<td style=\"width: 19.9873%; height: 23px;\"><\/td>\n<td style=\"width: 19.9873%; height: 23px;\"><\/td>\n<td style=\"width: 19.9873%; height: 23px;\"><\/td>\n<\/tr>\n<tr style=\"height: 73px;\">\n<td style=\"width: 19.9873%; height: 73px;\"><img decoding=\"async\" src=\"https:\/\/www.repsy.fr\/app\/uploads\/2022\/04\/lequipe-et-son-reseau-13.jpg\" class=\"sFlh5c FyHeAf iPVvYb\" style=\"max-width: 500px; height: 110px; margin: 0px; width: 196px;\" alt=\"L'\u00c9quipe et son R\u00e9seau | RePsy\" \/><\/td>\n<td style=\"width: 19.9873%; height: 73px;\">APAJH SESSAD ADOS PRO<\/td>\n<td style=\"width: 19.9873%; height: 73px;\">Madame<\/td>\n<td style=\"width: 19.9873%; height: 73px;\">BOUZID<\/td>\n<td style=\"width: 19.9873%; height: 73px;\">B\u00e9atrice<\/td>\n<\/tr>\n<tr style=\"height: 106px;\">\n<td style=\"width: 19.9873%; height: 106px;\"><img decoding=\"async\" src=\"https:\/\/www.apase.org\/storage\/2022\/01\/logo.png\" class=\"sFlh5c FyHeAf iPVvYb\" style=\"max-width: 510px; height: 107px; margin: 0px; width: 204px;\" alt=\"APASE \u2013 Association pour l'action sociale et \u00e9ducative \u2013 accueil &amp;  actualit\u00e9s\" \/><\/td>\n<td style=\"width: 19.9873%; height: 106px;\">APASE<\/td>\n<td style=\"width: 19.9873%; height: 106px;\">Monsieur<\/td>\n<td style=\"width: 19.9873%; height: 106px;\">MARAIS<\/td>\n<td style=\"width: 19.9873%; height: 106px;\">Olivier<\/td>\n<\/tr>\n<tr style=\"height: 23px;\">\n<td style=\"width: 19.9873%; height: 23px;\"><img decoding=\"async\" src=\"https:\/\/sport-echirolles.com\/wp-content\/uploads\/2020\/10\/logo-png-transparent.png\" class=\"sFlh5c FyHeAf iPVvYb\" style=\"max-width: 3071px; width: 224px; height: 64px; margin: 0px;\" alt=\"Objectif Sport Echirolles \u2013 F\u00e9d\u00e9rateur sportif sur Echirolles\" \/><\/td>\n<td style=\"width: 19.9873%; height: 23px;\">Objectif Sport \u00c9chirolles<\/td>\n<td style=\"width: 19.9873%; height: 23px;\">Monsieur<\/td>\n<td style=\"width: 19.9873%; height: 23px;\">RIONDET<\/td>\n<td style=\"width: 19.9873%; height: 23px;\">Max<\/td>\n<\/tr>\n<tr style=\"height: 94px;\">\n<td style=\"width: 19.9873%; height: 94px;\"><img loading=\"lazy\" decoding=\"async\" src=\"https:\/\/www.missionlocale-si.com\/wp-content\/uploads\/2026\/02\/images-300x66.png\" width=\"300\" height=\"66\" alt=\"\" class=\"wp-image-4487 alignnone size-medium\" srcset=\"https:\/\/www.missionlocale-si.com\/wp-content\/uploads\/2026\/02\/images-300x66.png 300w, https:\/\/www.missionlocale-si.com\/wp-content\/uploads\/2026\/02\/images.png 480w\" sizes=\"(max-width: 300px) 100vw, 300px\" \/><\/td>\n<td style=\"width: 19.9873%; height: 94px;\">PRO&rsquo;PULSE<\/td>\n<td style=\"width: 19.9873%; height: 94px;\">Monsieur<\/td>\n<td style=\"width: 19.9873%; height: 94px;\">VANPLIN<\/td>\n<td style=\"width: 19.9873%; height: 94px;\">Laurent<\/td>\n<\/tr>\n<tr style=\"height: 101px;\">\n<td style=\"width: 19.9873%; height: 101px;\"><img decoding=\"async\" src=\"https:\/\/e2c38.fr\/wp-content\/uploads\/2021\/06\/logo.jpg\" class=\"sFlh5c FyHeAf iPVvYb\" style=\"max-width: 1350px; height: 112px; margin: 0px; width: 104px;\" alt=\"E2C Is\u00e8re \u2013 Le site de l'E2C Is\u00e8re\" \/><\/td>\n<td style=\"width: 19.9873%; height: 101px;\">E2C<\/td>\n<td style=\"width: 19.9873%; height: 101px;\">Monsieur<\/td>\n<td style=\"width: 19.9873%; height: 101px;\">AMI<\/td>\n<td style=\"width: 19.9873%; height: 101px;\">Corentin<\/td>\n<\/tr>\n<tr style=\"height: 23px;\">\n<td style=\"width: 19.9873%; height: 23px;\"><img loading=\"lazy\" decoding=\"async\" class=\"wp-image-3774  aligncenter\" src=\"https:\/\/www.missionlocale-si.com\/wp-content\/uploads\/2022\/07\/LOGO_MEE-MIFE-Isere__-300x135.png\" alt=\"\" width=\"191\" height=\"68\" \/><\/td>\n<td style=\"width: 19.9873%; height: 23px;\" width=\"185\">MEE &#8211; MIFE Is\u00e8re<\/td>\n<td style=\"width: 19.9873%; height: 23px;\">Madame<\/td>\n<td style=\"width: 19.9873%; height: 23px;\" width=\"101\">SCHERER<\/td>\n<td style=\"width: 19.9873%; height: 23px;\" width=\"89\">St\u00e9phanie<\/td>\n<\/tr>\n<tr style=\"height: 24px;\">\n<td style=\"width: 19.9873%; height: 24px;\"><img decoding=\"async\" src=\"https:\/\/www.sante-habitat.org\/media\/k2\/items\/cache\/60468aa82473fd32700d48478784d483_XL.jpg\" class=\"sFlh5c FyHeAf iPVvYb\" style=\"max-width: 1100px; height: 104px; margin: 0px; width: 103px;\" alt=\"Codase\" \/><\/td>\n<td style=\"width: 19.9873%; height: 24px;\">CODASE<\/td>\n<td style=\"width: 19.9873%; height: 24px;\">Monsieur<\/td>\n<td style=\"width: 19.9873%; height: 24px;\">CIALDELLA<\/td>\n<td style=\"width: 19.9873%; height: 24px;\">Sylvain<\/td>\n<\/tr>\n<\/tbody>\n<\/table>\n<p>&nbsp;<\/p>\n<p>[\/et_pb_toggle][et_pb_toggle title=\u00a0\u00bbL&rsquo;histoire des Missions Locales\u00a0\u00bb admin_label=\u00a0\u00bbL&rsquo;histoire des Missions Locales\u00a0\u00bb _builder_version=\u00a0\u00bb4.27.5&Prime; title_font=\u00a0\u00bbAcme|700|||||||\u00a0\u00bb background_size=\u00a0\u00bbinitial\u00a0\u00bb background_position=\u00a0\u00bbtop_left\u00a0\u00bb background_repeat=\u00a0\u00bbrepeat\u00a0\u00bb custom_css_main_element=\u00a0\u00bbborder-radius:10px;\u00a0\u00bb box_shadow_style=\u00a0\u00bbpreset4&Prime; use_border_color=\u00a0\u00bboff\u00a0\u00bb border_color=\u00a0\u00bb#ffffff\u00a0\u00bb border_style=\u00a0\u00bbsolid\u00a0\u00bb global_colors_info=\u00a0\u00bb{}\u00a0\u00bb]<\/p>\n<p><span style=\"font-weight: 400;\">N\u00e9es de la r\u00e9volte des jeunes face \u00e0 une soci\u00e9t\u00e9 qui les ignorait, les Missions Locales sont au service de ceux qui ont besoi<\/span><span style=\"font-weight: 400;\"><\/span><span style=\"font-weight: 400;\">n d\u2019un coup de mai<\/span><span style=\"font-weight: 400;\"><a href=\"https:\/\/www.missionlocale-si.com\/wp-content\/uploads\/2026\/02\/Bertrand-Schwartz.jpg\"><\/a><\/span><span style=\"font-weight: 400;\">n dans leur recherche d\u2019emploi ou dans leur vie de tous les jours.<\/span><\/p>\n<p><b>Les missions Locales sont des associations<\/b><span style=\"font-weight: 400;\"> (loi 1901)<\/span><\/p>\n<p><span style=\"font-weight: 400;\">Elles ont \u00e9t\u00e9 cr\u00e9\u00e9es en 1982 \u00e0 la suite de grandes \u00e9meutes qui ont eu lieu en banlieue lyonnaise (\u00e0 la suite desquelles a \u00e9t\u00e9 organis\u00e9e la Marche des Beurs). Fran\u00e7ois Mitterrand, le pr\u00e9sident de la R\u00e9publique de l\u2019\u00e9poque, demande alors au sociologue Bertrand Schwartz une \u00e9tude sur la jeunesse dans les banlieues.<\/span><\/p>\n<p><span style=\"font-weight: 400;\"><img loading=\"lazy\" decoding=\"async\" src=\"https:\/\/www.missionlocale-si.com\/wp-content\/uploads\/2026\/02\/Bertrand-Schwartz-300x284.jpg\" width=\"194\" height=\"183\" alt=\"\" class=\"wp-image-4483 alignnone size-medium\" srcset=\"https:\/\/www.missionlocale-si.com\/wp-content\/uploads\/2026\/02\/Bertrand-Schwartz-300x284.jpg 300w, https:\/\/www.missionlocale-si.com\/wp-content\/uploads\/2026\/02\/Bertrand-Schwartz.jpg 425w\" sizes=\"(max-width: 194px) 100vw, 194px\" \/><\/span><span style=\"font-weight: 400;\"> \u00a9<\/span><em><span style=\"font-weight: 400;\"> Le Monde &#8211;<\/span> Bertrand Schwartz<\/em><\/p>\n<p><span style=\"font-weight: 400;\">Pour ce dernier, \u00ab <\/span><i><span style=\"font-weight: 400;\">une partie de la jeunesse est abandonn\u00e9e.<\/span><\/i><span style=\"font-weight: 400;\">\u00a0<\/span><span style=\"font-weight: 400;\">\u00bb<\/span><span style=\"font-weight: 400;\">\u00a0<\/span><\/p>\n<p><span style=\"font-weight: 400;\">Des jeunes qui se retrouvent sans projets de vie, confront\u00e9s \u00e0 des probl\u00e9matiques sociales contraignantes. Des jeunes rest\u00e9s sur le bord de la route.<\/span><\/p>\n<p><b>Des \u201cbricoleurs\u201d \u00e0 la naissance des Missions Locales<\/b><\/p>\n<p><span style=\"font-weight: 400;\">Des structures pour les accueillir et leur proposer un emploi sont alors cr\u00e9\u00e9es : les PAIO et les Missions Locales<\/span><span style=\"font-weight: 400;\">. Une cinquantaine sont cr\u00e9\u00e9es, r\u00e9parties sur le territoire fran\u00e7ais, avec diff\u00e9rents profils pour accueillir les jeunes : des enseignants d\u00e9tach\u00e9s de l\u2019\u00c9ducation Nationale, des \u00e9ducateurs, des conseillers p\u00e9dagogiques, des animateurs\u2026 Pour une approche interdisciplinaire compl\u00e9mentaire.<\/span><\/p>\n<p><span style=\"font-weight: 400;\">Mais la crise s&rsquo;est prolong\u00e9e. La jeunesse s\u2019est retrouv\u00e9e de plus en plus sur le bas-c\u00f4t\u00e9. Les r\u00e9seaux se sont alors consolid\u00e9s afin de p\u00e9renniser ces structures, aid\u00e9es dans leur \u00e9volution par les l\u2019\u00c9tat, <\/span><span style=\"font-weight: 400;\">les collectivit\u00e9s territoriales,<\/span><span style=\"font-weight: 400;\"> les R\u00e9gions, les D\u00e9partements.<br \/><\/span><\/p>\n<p><b>Un mod\u00e8le unique au monde<\/b><\/p>\n<p>Le <strong>mod\u00e8le<\/strong> propos\u00e9 par les Missions Locales est <strong>totalement avant-gardiste<\/strong>. Aucun autre type de structure n\u2019est similaire dans le monde. Les Missions Locales sont rest\u00e9es sur le mode associatif (elles ont une d\u00e9l\u00e9gation de service public, et sont inscrites dans le code du travail).<\/p>\n<p>Les Missions Locales sont structur\u00e9es au niveau national par le biais de l\u2019UNML (Union Nationale des Missions Locales\u00a0: syndicat employeur des Missions Locales) et du D\u00e9l\u00e9gu\u00e9 Minist\u00e9riel aux Missions Locales) en lien direct avec le gouvernement.<\/p>\n<p>Leur champ d\u2019intervention est r\u00e9gi par le protocole 2010 des Missions Locales\u00a0:<\/p>\n<p><a href=\"https:\/\/www.missionlocale-si.com\/wp-content\/uploads\/2025\/02\/protocole_2010_des_missions_locales.pdf\" target=\"_blank\" rel=\"noopener\"><strong>PROTOCOLE DE 2010<\/strong><\/a><\/p>\n<p>[\/et_pb_toggle][\/et_pb_column][\/et_pb_row][\/et_pb_section]<\/p>\n","protected":false},"excerpt":{"rendered":"<p>LA MISSION LOCALE, QU\u2019EST-\u00adCE QUE C\u2019EST ?Une \u00e9quipe de sp\u00e9cialistes pour accompagner les jeunes entre 16 et 25 ans \u00e0 trouver leur voie vers l\u2019emploi. 3 \u00e9quipes compos\u00e9es de conseill\u00e8res et conseillers en insertion sociale et professionnelle, des charg\u00e9es d\u2019accueil, et des charg\u00e9es et charg\u00e9s de projet sur 3 th\u00e9matiques (Emploi et Insertion, Formation et [&hellip;]<\/p>\n","protected":false},"author":2,"featured_media":0,"parent":0,"menu_order":1,"comment_status":"closed","ping_status":"closed","template":"","meta":{"_et_pb_use_builder":"on","_et_pb_old_content":"","_et_gb_content_width":"","_monsterinsights_skip_tracking":false,"_monsterinsights_sitenote_active":false,"_monsterinsights_sitenote_note":"","_monsterinsights_sitenote_category":0,"footnotes":""},"class_list":["post-44","page","type-page","status-publish","hentry"],"_links":{"self":[{"href":"https:\/\/www.missionlocale-si.com\/index.php\/wp-json\/wp\/v2\/pages\/44","targetHints":{"allow":["GET"]}}],"collection":[{"href":"https:\/\/www.missionlocale-si.com\/index.php\/wp-json\/wp\/v2\/pages"}],"about":[{"href":"https:\/\/www.missionlocale-si.com\/index.php\/wp-json\/wp\/v2\/types\/page"}],"author":[{"embeddable":true,"href":"https:\/\/www.missionlocale-si.com\/index.php\/wp-json\/wp\/v2\/users\/2"}],"replies":[{"embeddable":true,"href":"https:\/\/www.missionlocale-si.com\/index.php\/wp-json\/wp\/v2\/comments?post=44"}],"version-history":[{"count":100,"href":"https:\/\/www.missionlocale-si.com\/index.php\/wp-json\/wp\/v2\/pages\/44\/revisions"}],"predecessor-version":[{"id":4630,"href":"https:\/\/www.missionlocale-si.com\/index.php\/wp-json\/wp\/v2\/pages\/44\/revisions\/4630"}],"wp:attachment":[{"href":"https:\/\/www.missionlocale-si.com\/index.php\/wp-json\/wp\/v2\/media?parent=44"}],"curies":[{"name":"wp","href":"https:\/\/api.w.org\/{rel}","templated":true}]}}