{"id":3833,"date":"2022-08-30T14:12:07","date_gmt":"2022-08-30T13:12:07","guid":{"rendered":"https:\/\/www.missionlocale-si.com\/?page_id=3833"},"modified":"2026-04-09T10:09:58","modified_gmt":"2026-04-09T09:09:58","slug":"labellisation-mission-locale","status":"publish","type":"page","link":"https:\/\/www.missionlocale-si.com\/index.php\/labellisation-mission-locale\/","title":{"rendered":"Labellisation MLSI"},"content":{"rendered":"<p>[et_pb_section fb_built=\u00a0\u00bb1&Prime; _builder_version=\u00a0\u00bb4.17.6&Prime; _module_preset=\u00a0\u00bbdefault\u00a0\u00bb min_height=\u00a0\u00bb1269px\u00a0\u00bb global_colors_info=\u00a0\u00bb{}\u00a0\u00bb][et_pb_row _builder_version=\u00a0\u00bb4.17.6&Prime; _module_preset=\u00a0\u00bbdefault\u00a0\u00bb custom_padding=\u00a0\u00bb56px|||||\u00a0\u00bb global_colors_info=\u00a0\u00bb{}\u00a0\u00bb][et_pb_column type=\u00a0\u00bb4_4&Prime; _builder_version=\u00a0\u00bb4.17.6&Prime; _module_preset=\u00a0\u00bbdefault\u00a0\u00bb global_colors_info=\u00a0\u00bb{}\u00a0\u00bb][et_pb_text _builder_version=\u00a0\u00bb4.27.4&Prime; _module_preset=\u00a0\u00bbdefault\u00a0\u00bb header_font=\u00a0\u00bbAcme|700|||||||\u00a0\u00bb global_colors_info=\u00a0\u00bb{}\u00a0\u00bb]<\/p>\n<h1 style=\"text-align: center;\"><span style=\"font-size: xx-large;\"><strong><span style=\"color: #a2195b;\">\u00a0La Mission Locale Sud Is\u00e8re est LABELLIS\u00c9E !<\/span><\/strong><\/span><\/h1>\n<p>[\/et_pb_text][\/et_pb_column][\/et_pb_row][et_pb_row column_structure=\u00a0\u00bb1_2,1_2&Prime; _builder_version=\u00a0\u00bb4.17.6&Prime; _module_preset=\u00a0\u00bbdefault\u00a0\u00bb custom_padding=\u00a0\u00bb||11px|||\u00a0\u00bb global_colors_info=\u00a0\u00bb{}\u00a0\u00bb][et_pb_column type=\u00a0\u00bb1_2&Prime; _builder_version=\u00a0\u00bb4.17.6&Prime; _module_preset=\u00a0\u00bbdefault\u00a0\u00bb global_colors_info=\u00a0\u00bb{}\u00a0\u00bb][et_pb_text _builder_version=\u00a0\u00bb4.27.4&Prime; _module_preset=\u00a0\u00bbdefault\u00a0\u00bb global_colors_info=\u00a0\u00bb{}\u00a0\u00bb]<\/p>\n<p><span class=\"break-words           tvm-parent-container\"><span dir=\"ltr\">\ud83d\udce2 [Labellis\u00e9e !]<span><br \/><\/span>Apr\u00e8s plusieurs mois de travail et d\u2019engagement dans la d\u00e9marche de<span class=\"white-space-pre\"> <\/span><a class=\"pVgHQJscSHWSyOoSAQIMWsVcRbnRZrJxuo \" href=\"https:\/\/www.linkedin.com\/search\/results\/all\/?keywords=%23labellisation&amp;origin=HASH_TAG_FROM_FEED\" data-test-app-aware-link=\"\" tabindex=\"0\"><span>Labellisation<\/span><\/a><span class=\"white-space-pre\"> <\/span>du r\u00e9seau des<span class=\"white-space-pre\"> <\/span><a class=\"pVgHQJscSHWSyOoSAQIMWsVcRbnRZrJxuo \" href=\"https:\/\/www.linkedin.com\/search\/results\/all\/?keywords=%23missionslocales&amp;origin=HASH_TAG_FROM_FEED\" data-test-app-aware-link=\"\" tabindex=\"0\"><span>Missions Locales<\/span><\/a>, l\u2019\u00e9quipe de la<span class=\"white-space-pre\"> <\/span><span><a href=\"https:\/\/www.linkedin.com\/in\/mission-locale-sud-is%C3%A8re-a55969196\/\" id=\"ember6089\" class=\"ember-view\" tabindex=\"0\">Mission Locale Sud Is\u00e8re<\/a><\/span><span class=\"white-space-pre\"> <\/span>est fi\u00e8re de vous annoncer l\u2019obtention de son<span class=\"white-space-pre\"> <\/span><a class=\"pVgHQJscSHWSyOoSAQIMWsVcRbnRZrJxuo \" href=\"https:\/\/www.linkedin.com\/search\/results\/all\/?keywords=%23label&amp;origin=HASH_TAG_FROM_FEED\" data-test-app-aware-link=\"\" tabindex=\"0\"><span>Label<\/span><\/a>.<span><br \/><\/span>Ce dernier nous a \u00e9t\u00e9 d\u00e9cern\u00e9 \u00e0 l\u2019issue de la Commission nationale de labellisation qui s\u2019est tenue le 22.07.2025 \u00e0 Paris sur la base d\u2019un r\u00e9f\u00e9rentiel exigeant compos\u00e9 de 35 crit\u00e8res.<span><br \/><\/span>Ce label vient r\u00e9compenser l\u2019investissement quotidien de nos collaborateurs en faveur de la r\u00e9ussite des jeunes et le travail collectif r\u00e9alis\u00e9 par l\u2019\u00e9quipe, la gouvernance et nos partenaires pour renforcer la qualit\u00e9 de l\u2019accompagnement men\u00e9 aupr\u00e8s des jeunes et des entreprises du territoire.<span><br \/><\/span>Nous tenons \u00e0 remercier l\u2019ensemble des acteurs qui ont particip\u00e9 \u00e0 cette r\u00e9ussite collective\u00a0:<span><br \/><\/span>\ud83d\udc4fl\u2019\u00e9quipe de la<span class=\"white-space-pre\"> <\/span><span><a href=\"https:\/\/www.linkedin.com\/in\/mission-locale-sud-is%C3%A8re-a55969196\/\" id=\"ember6090\" class=\"ember-view\" tabindex=\"0\">Mission Locale Sud Is\u00e8re<\/a><\/span><span class=\"white-space-pre\"> <\/span>pour sa mobilisation tout au long de ce processus de labellisation.<span><br \/><\/span>\ud83d\udc4fles membres du Conseil d\u2019Administration, en particulier, Martine BRUN, \u00e9lue au CA et r\u00e9f\u00e9rente Labellisation pour son implication, sa pr\u00e9sence et son soutien sans failles tout au long de la d\u00e9marche.<span><br \/><\/span>\ud83d\udc4f<span><a href=\"https:\/\/www.linkedin.com\/in\/lucie-favrot\/\" id=\"ember6091\" class=\"ember-view\" tabindex=\"0\">Lucie FAVROT<\/a><\/span><span class=\"white-space-pre\"> <\/span>pour son accompagnement et ses apports m\u00e9thodologiques essentiels.<span><br \/><\/span>\ud83d\udc4fles 2 auditrices pour l\u2019int\u00e9r\u00eat port\u00e9 \u00e0 la<span class=\"white-space-pre\"> <\/span><span><a href=\"https:\/\/www.linkedin.com\/in\/mission-locale-sud-is%C3%A8re-a55969196\/\" id=\"ember6092\" class=\"ember-view\" tabindex=\"0\">Mission Locale Sud Is\u00e8re<\/a><\/span><span class=\"white-space-pre\"> <\/span>et \u00e0 son fonctionnement, leurs retours et conseils, et leur bienveillance.<span><br \/><\/span>\ud83d\udc4fles jeunes et nos partenaires pour leur implication et leur confiance.<\/span><\/span><\/p>\n<p><span class=\"break-words           tvm-parent-container\"><span dir=\"ltr\"><\/span><\/span><\/p>\n<p><span style=\"font-size: large;\"><strong><span class=\"break-words           tvm-parent-container\"><span dir=\"ltr\">Consultez \u00e9galement notre Rapport d&rsquo;activit\u00e9 2024 :<\/span><\/span><\/strong><\/span><\/p>\n<p><span style=\"font-size: large;\"><a href=\"https:\/\/www.missionlocale-si.com\/wp-content\/uploads\/2025\/09\/Rapport-dactivite-2024-MLSI.pdf\" target=\"_blank\" rel=\"noopener\"><strong><u>RAPPORT\u00a0 D&rsquo;ACTIVIT\u00c9 2024<\/u><\/strong><\/a><\/span><\/p>\n<p>[\/et_pb_text][\/et_pb_column][et_pb_column type=\u00a0\u00bb1_2&Prime; _builder_version=\u00a0\u00bb4.17.6&Prime; _module_preset=\u00a0\u00bbdefault\u00a0\u00bb global_colors_info=\u00a0\u00bb{}\u00a0\u00bb][et_pb_button button_url=\u00a0\u00bbhttps:\/\/www.linkedin.com\/feed\/update\/urn:li:activity:7354546223057461248\/\u00a0\u00bb url_new_window=\u00a0\u00bbon\u00a0\u00bb button_text=\u00a0\u00bbPost LinkedIn : Labellisation MLSI 2025&Prime; button_alignment=\u00a0\u00bbcenter\u00a0\u00bb _builder_version=\u00a0\u00bb4.27.4&Prime; _module_preset=\u00a0\u00bbdefault\u00a0\u00bb custom_button=\u00a0\u00bbon\u00a0\u00bb button_text_size=\u00a0\u00bb25px\u00a0\u00bb button_text_color=\u00a0\u00bb#a2195b\u00a0\u00bb global_colors_info=\u00a0\u00bb{}\u00a0\u00bb][\/et_pb_button][et_pb_image src=\u00a0\u00bbhttps:\/\/www.missionlocale-si.com\/wp-content\/uploads\/2025\/10\/20251016_1340301.jpg\u00a0\u00bb title_text=\u00a0\u00bb20251016_134030%911%93&Prime; _builder_version=\u00a0\u00bb4.27.4&Prime; _module_preset=\u00a0\u00bbdefault\u00a0\u00bb global_colors_info=\u00a0\u00bb{}\u00a0\u00bb][\/et_pb_image][et_pb_image src=\u00a0\u00bbhttps:\/\/www.missionlocale-si.com\/wp-content\/uploads\/2025\/09\/1753460458759.gif\u00a0\u00bb title_text=\u00a0\u00bb1753460458759&Prime; _builder_version=\u00a0\u00bb4.27.4&Prime; _module_preset=\u00a0\u00bbdefault\u00a0\u00bb global_colors_info=\u00a0\u00bb{}\u00a0\u00bb][\/et_pb_image][\/et_pb_column][\/et_pb_row][et_pb_row _builder_version=\u00a0\u00bb4.27.4&Prime; _module_preset=\u00a0\u00bbdefault\u00a0\u00bb global_colors_info=\u00a0\u00bb{}\u00a0\u00bb][et_pb_column type=\u00a0\u00bb4_4&Prime; _builder_version=\u00a0\u00bb4.27.4&Prime; _module_preset=\u00a0\u00bbdefault\u00a0\u00bb global_colors_info=\u00a0\u00bb{}\u00a0\u00bb][et_pb_image src=\u00a0\u00bbhttps:\/\/www.missionlocale-si.com\/wp-content\/uploads\/2025\/09\/Logo-LABEL-2025-2030-LONG.png\u00a0\u00bb title_text=\u00a0\u00bbLogo LABEL 2025-2030 LONG\u00a0\u00bb align=\u00a0\u00bbcenter\u00a0\u00bb _builder_version=\u00a0\u00bb4.27.4&Prime; _module_preset=\u00a0\u00bbdefault\u00a0\u00bb width=\u00a0\u00bb50%\u00a0\u00bb global_colors_info=\u00a0\u00bb{}\u00a0\u00bb][\/et_pb_image][\/et_pb_column][\/et_pb_row][\/et_pb_section]<\/p>\n","protected":false},"excerpt":{"rendered":"<p>\u00a0La Mission Locale Sud Is\u00e8re est LABELLIS\u00c9E !\ud83d\udce2 [Labellis\u00e9e !]Apr\u00e8s plusieurs mois de travail et d\u2019engagement dans la d\u00e9marche de Labellisation du r\u00e9seau des Missions Locales, l\u2019\u00e9quipe de la Mission Locale Sud Is\u00e8re est fi\u00e8re de vous annoncer l\u2019obtention de son Label.Ce dernier nous a \u00e9t\u00e9 d\u00e9cern\u00e9 \u00e0 l\u2019issue de la Commission nationale de labellisation [&hellip;]<\/p>\n","protected":false},"author":4,"featured_media":0,"parent":0,"menu_order":0,"comment_status":"closed","ping_status":"closed","template":"","meta":{"_et_pb_use_builder":"on","_et_pb_old_content":"","_et_gb_content_width":"","_monsterinsights_skip_tracking":false,"_monsterinsights_sitenote_active":false,"_monsterinsights_sitenote_note":"","_monsterinsights_sitenote_category":0,"footnotes":""},"class_list":["post-3833","page","type-page","status-publish","hentry"],"_links":{"self":[{"href":"https:\/\/www.missionlocale-si.com\/index.php\/wp-json\/wp\/v2\/pages\/3833","targetHints":{"allow":["GET"]}}],"collection":[{"href":"https:\/\/www.missionlocale-si.com\/index.php\/wp-json\/wp\/v2\/pages"}],"about":[{"href":"https:\/\/www.missionlocale-si.com\/index.php\/wp-json\/wp\/v2\/types\/page"}],"author":[{"embeddable":true,"href":"https:\/\/www.missionlocale-si.com\/index.php\/wp-json\/wp\/v2\/users\/4"}],"replies":[{"embeddable":true,"href":"https:\/\/www.missionlocale-si.com\/index.php\/wp-json\/wp\/v2\/comments?post=3833"}],"version-history":[{"count":25,"href":"https:\/\/www.missionlocale-si.com\/index.php\/wp-json\/wp\/v2\/pages\/3833\/revisions"}],"predecessor-version":[{"id":4637,"href":"https:\/\/www.missionlocale-si.com\/index.php\/wp-json\/wp\/v2\/pages\/3833\/revisions\/4637"}],"wp:attachment":[{"href":"https:\/\/www.missionlocale-si.com\/index.php\/wp-json\/wp\/v2\/media?parent=3833"}],"curies":[{"name":"wp","href":"https:\/\/api.w.org\/{rel}","templated":true}]}}